{"version":"1.0","provider_name":"Przedstawiciel produkt\u00f3w Zepter \/ Bioptron - Gwarancja Niskich Cen","provider_url":"https:\/\/medlight.pl\/blog","author_name":"Przedstawiciel Zepter \/ Bioptron","author_url":"https:\/\/medlight.pl\/blog\/author\/admin\/","title":"VI FORUM SENIORA - Krak\u00f3w 7 listopada 2019 - Przedstawiciel produkt\u00f3w Zepter \/ Bioptron - Gwarancja Niskich Cen","type":"rich","width":600,"height":338,"html":"<blockquote class=\"wp-embedded-content\" data-secret=\"LhFVcxXH8w\"><a href=\"https:\/\/medlight.pl\/blog\/vi-forum-seniora\/\">VI FORUM SENIORA &#8211; Krak\u00f3w 7 listopada 2019<\/a><\/blockquote><iframe sandbox=\"allow-scripts\" security=\"restricted\" src=\"https:\/\/medlight.pl\/blog\/vi-forum-seniora\/embed\/#?secret=LhFVcxXH8w\" width=\"600\" height=\"338\" title=\"&#8222;VI FORUM SENIORA &#8211; Krak\u00f3w 7 listopada 2019&#8221; &#8212; Przedstawiciel produkt\u00f3w Zepter \/ Bioptron - Gwarancja Niskich Cen\" data-secret=\"LhFVcxXH8w\" frameborder=\"0\" marginwidth=\"0\" marginheight=\"0\" scrolling=\"no\" class=\"wp-embedded-content\"><\/iframe><script type=\"text\/javascript\">\n\/* <![CDATA[ *\/\n\/*! This file is auto-generated *\/\n!function(d,l){\"use strict\";l.querySelector&&d.addEventListener&&\"undefined\"!=typeof URL&&(d.wp=d.wp||{},d.wp.receiveEmbedMessage||(d.wp.receiveEmbedMessage=function(e){var t=e.data;if((t||t.secret||t.message||t.value)&&!\/[^a-zA-Z0-9]\/.test(t.secret)){for(var s,r,n,a=l.querySelectorAll('iframe[data-secret=\"'+t.secret+'\"]'),o=l.querySelectorAll('blockquote[data-secret=\"'+t.secret+'\"]'),c=new RegExp(\"^https?:$\",\"i\"),i=0;i<o.length;i++)o[i].style.display=\"none\";for(i=0;i<a.length;i++)s=a[i],e.source===s.contentWindow&&(s.removeAttribute(\"style\"),\"height\"===t.message?(1e3<(r=parseInt(t.value,10))?r=1e3:~~r<200&&(r=200),s.height=r):\"link\"===t.message&&(r=new URL(s.getAttribute(\"src\")),n=new URL(t.value),c.test(n.protocol))&&n.host===r.host&&l.activeElement===s&&(d.top.location.href=t.value))}},d.addEventListener(\"message\",d.wp.receiveEmbedMessage,!1),l.addEventListener(\"DOMContentLoaded\",function(){for(var e,t,s=l.querySelectorAll(\"iframe.wp-embedded-content\"),r=0;r<s.length;r++)(t=(e=s[r]).getAttribute(\"data-secret\"))||(t=Math.random().toString(36).substring(2,12),e.src+=\"#?secret=\"+t,e.setAttribute(\"data-secret\",t)),e.contentWindow.postMessage({message:\"ready\",secret:t},\"*\")},!1)))}(window,document);\n\/* ]]> *\/\n<\/script>\n","description":"&#8222;Dziennika Polskiego&#8221;. Wiosna w jesieni \u017cycia. Kolejna, jesienna edycja senioralnej konferencji zosta\u0142a po\u015bwi\u0119cona chorobom zwi\u0105zanym ze wzrokiem, problemom urologicznym, zespo\u0142owi s\u0142abo\u015bci, szkodliwo\u015bci cukru i temu, co powinno si\u0119 znale\u017a\u0107 na talerzu seniora. Ponad 500 nestor\u00f3w wzi\u0119\u0142o udzia\u0142 w VI edycji Forum Seniora zorganizowanej przez redakcj\u0119 \u201eDziennika Polskiego\u201d. Tym razem emeryci, kt\u00f3rzy pojawili si\u0119 na dedykowanym im spotkaniu w Auditorium Maximum Uniwersytetu Jagiello\u0144skiego, mogli dowiedzie\u0107 si\u0119, co zrobi\u0107, \u017ceby w jesieni \u017cycia zachowa\u0107 jak najwi\u0119cej wiosennej kondycji cia\u0142a i ducha. Senioraln\u0105 konferencj\u0119 otworzyli\u00a0redaktor naczelny\u00a0\u201eDziennika Polskiego\u201d Jerzy Su\u0142owski oraz prorektor Uniwersytetu Jagiello\u0144skiego ds. rozwoju prof. dr hab. Dorota Malec. Prof. Jan Tadeusz Duda, przewodnicz\u0105cy ma\u0142opolskiego sejmiku przypomnia\u0142, jakie dzia\u0142ania podejmuje Urz\u0105d Marsza\u0142kowski z my\u015bl\u0105 o seniorach. Nie zabrak\u0142o r\u00f3wnie\u017c naszego stoiska, gdy\u017c zale\u017cy nam na promowaniu zdrowia. Mamy w firmie wiele produkt\u00f3w, kt\u00f3re pomog\u0105 ci rozwi\u0105za\u0107 twoje problemy jak i r\u00f3wnie\u017c funkcjonowanie na co dzie\u0144. NASZE PRODUKTY przecie\u017c s\u0142u\u017c\u0105 g\u0142\u00f3wnie dla ZDROWIA i URODY. Mo\u017cna by\u0142o u nas otrzyma\u0107 informacje o produktach: okulary fulerenowe, aparat Bioptron, Oczyszczacz powietrza Therapy Air iOn, ArtMix &#8211; blender z funkcj\u0105 gotowania, jak i r\u00f3wnie\u017c zapisa\u0107 si\u0119 na bezp\u0142atne zabiegi rehabilitacyjne lub zabiegi odm\u0142adzania. Udzia\u0142 w Forum Seniora jest bezp\u0142atny, wymagana jest jednak rejestracja telefoniczna. Patronat honorowy nad konferencj\u0105 obj\u0119li: JM Rektor Uniwersytetu Jagiello\u0144skiego prof. dr hab. med. Wojciech Nowak Marsza\u0142ek Wojew\u00f3dztwa Ma\u0142opolskiego Witold Koz\u0142owski \u201eDziennik Polski\u201d zaprasza na kolejne Forum Seniora.","thumbnail_url":"https:\/\/medlight.pl\/blog\/wp-content\/uploads\/2019\/11\/forum-seniora-5.jpg"}